{"id":3128,"date":"2019-10-03T17:14:49","date_gmt":"2019-10-03T15:14:49","guid":{"rendered":"https:\/\/lestoilesdumatin.fr\/progetto-su-larga-scala\/"},"modified":"2024-07-27T21:01:56","modified_gmt":"2024-07-27T19:01:56","slug":"progetto-su-larga-scala","status":"publish","type":"page","link":"https:\/\/lestoilesdumatin.fr\/it\/progetto-su-larga-scala\/","title":{"rendered":"Progetti su larga scala"},"content":{"rendered":"\t\t<div data-elementor-type=\"wp-page\" data-elementor-id=\"3128\" class=\"elementor elementor-3128 elementor-814\" data-elementor-post-type=\"page\">\n\t\t\t\t\t\t<section class=\"elementor-section elementor-top-section elementor-element elementor-element-a719120 elementor-section-boxed elementor-section-height-default elementor-section-height-default\" data-id=\"a719120\" data-element_type=\"section\" data-e-type=\"section\">\n\t\t\t\t\t\t<div class=\"elementor-container elementor-column-gap-default\">\n\t\t\t\t\t<div class=\"elementor-column elementor-col-100 elementor-top-column elementor-element elementor-element-1f3670b\" data-id=\"1f3670b\" data-element_type=\"column\" data-e-type=\"column\">\n\t\t\t<div class=\"elementor-widget-wrap elementor-element-populated\">\n\t\t\t\t\t\t<div class=\"elementor-element elementor-element-c065f4f elementor-widget elementor-widget-image\" data-id=\"c065f4f\" data-element_type=\"widget\" data-e-type=\"widget\" data-widget_type=\"image.default\">\n\t\t\t\t<div class=\"elementor-widget-container\">\n\t\t\t\t\t\t\t\t\t\t\t\t<figure class=\"wp-caption\">\n\t\t\t\t\t\t\t\t\t\t<img fetchpriority=\"high\" decoding=\"async\" width=\"800\" height=\"386\" src=\"https:\/\/lestoilesdumatin.fr\/wp-content\/uploads\/2020\/09\/IMG_4141-1024x494.jpg\" class=\"attachment-large size-large wp-image-2990\" alt=\"\" srcset=\"https:\/\/lestoilesdumatin.fr\/wp-content\/uploads\/2020\/09\/IMG_4141-1024x494.jpg 1024w, https:\/\/lestoilesdumatin.fr\/wp-content\/uploads\/2020\/09\/IMG_4141-300x145.jpg 300w, https:\/\/lestoilesdumatin.fr\/wp-content\/uploads\/2020\/09\/IMG_4141-768x371.jpg 768w, https:\/\/lestoilesdumatin.fr\/wp-content\/uploads\/2020\/09\/IMG_4141-1536x741.jpg 1536w, https:\/\/lestoilesdumatin.fr\/wp-content\/uploads\/2020\/09\/IMG_4141-scaled.jpg 2048w\" sizes=\"(max-width: 800px) 100vw, 800px\" \/>\t\t\t\t\t\t\t\t\t\t\t<figcaption class=\"widget-image-caption wp-caption-text\">Fresque (5m x 2,50m)<\/figcaption>\n\t\t\t\t\t\t\t\t\t\t<\/figure>\n\t\t\t\t\t\t\t\t\t<\/div>\n\t\t\t\t<\/div>\n\t\t\t\t\t<\/div>\n\t\t<\/div>\n\t\t\t\t\t<\/div>\n\t\t<\/section>\n\t\t\t\t<section class=\"elementor-section elementor-top-section elementor-element elementor-element-252641bc elementor-section-boxed elementor-section-height-default elementor-section-height-default\" data-id=\"252641bc\" data-element_type=\"section\" data-e-type=\"section\">\n\t\t\t\t\t\t<div class=\"elementor-container elementor-column-gap-default\">\n\t\t\t\t\t<div class=\"elementor-column elementor-col-100 elementor-top-column elementor-element elementor-element-715a0dc6\" data-id=\"715a0dc6\" data-element_type=\"column\" data-e-type=\"column\">\n\t\t\t<div class=\"elementor-widget-wrap elementor-element-populated\">\n\t\t\t\t\t\t<div class=\"elementor-element elementor-element-3ff116fe elementor-widget elementor-widget-text-editor\" data-id=\"3ff116fe\" data-element_type=\"widget\" data-e-type=\"widget\" data-widget_type=\"text-editor.default\">\n\t\t\t\t<div class=\"elementor-widget-container\">\n\t\t\t\t\t\t\t\t\t<p><\/p>\n<p>Avete un progetto, gi\u00e0 elaborato in dettaglio oppure schizzato solo a grandi linee; in ogni caso, si tratta di un progetto di una certa ampiezza.&nbsp;<\/p>\n<p><\/p>\n<p>Se siete una parrocchia, una comunit\u00e0 o un religioso: si tratta di una cappella da decorare? Volete decorare il retro del vostro altare con un&#8217;opera che conduca voi e i fedeli, l&#8217;intera comunit\u00e0, alla contemplazione durante la celebrazione della Messa?<\/p>\n<p>Se siete un genitore, il presidente di un&#8217;associazione, il direttore di una scuola o di un istituto:&nbsp; si tratta di una stanza o di una bella sala da decorare?&nbsp; Una scenografia teatrale da creare o da commissionare?&nbsp; Una facciata esterna trompe-l&#8217;\u0153il?&nbsp;&nbsp;<\/p>\n<p><\/p>\n<p>Esistono diverse formule artistiche tra cui potete scegliere:&nbsp;<\/p>\n<p><\/p>\n<ul>\n<li>Per decorare una parete si pu\u00f2 scegliere una delle tecniche pi\u00f9 nobili e antiche:&nbsp;l&#8217;<a href=\"https:\/\/lestoilesdumatin.fr\/fresques-et-peintures-murales-2\/\">affresco<\/a>. Ma, a seconda dello scopo dell&#8217;opera, pu\u00f2 essere preferibile optare per un <a href=\"https:\/\/lestoilesdumatin.fr\/fresques-et-peintures-murales-2\/\">dipinto murale<\/a> a olio o acrilico.&nbsp;<\/li>\n<li>Per un&#8217;opera mobile di grandi dimensioni, da fissare in loco, potete commissionare un&#8217;opera a tempera su tavola, sotto forma di&nbsp;<a href=\"https:\/\/lestoilesdumatin.fr\/it\/dipinti-su-pannelli-tipo-pala-daltare\/\" style=\"background-color: rgb(0, 0, 0);\">pala d&#8217;altare, dittico o trittico<\/a>, che prevede una complessa lavorazione del supporto ligneo ed eventualmente della foglia d&#8217;oro. Si pu\u00f2 prendere in considerazione anche un olio su tela di grandi dimensioni, con caratteristiche simili alle opere pi\u00f9 piccole.&nbsp;<\/li>\n<\/ul>\n<p><\/p>\n<p>In tutti i casi, la scelta della tecnica, del supporto e della composizione dipende dallo scopo dell&#8217;opera, cio\u00e8 dal luogo&nbsp;e dalla sua configurazione: l&#8217;armonia \u00e8 alla base di un&#8217;opera d&#8217;arte, quindi \u00e8 opportuno che quest&#8217;ultima si armonizzi con lo spazio che la accoglie. Ecco perch\u00e9 \u00e8 importante che un progetto come questo sia studiato insieme. Voi mi spiegate di cosa si tratta, io condivido con voi i miei suggerimenti e le mie spiegazioni, ne parliamo e alla fine vi propongo un preventivo. Seguiranno i disegni preparatori, di cui discuteremo, e cos\u00ec via.<\/p>\n<p><\/p>\t\t\t\t\t\t\t\t<\/div>\n\t\t\t\t<\/div>\n\t\t\t\t<div class=\"elementor-element elementor-element-bd138db elementor-cta--skin-cover elementor-animated-content elementor-bg-transform elementor-bg-transform-zoom-in elementor-widget elementor-widget-global elementor-global-3193 elementor-global-1422 elementor-widget-call-to-action\" data-id=\"bd138db\" data-element_type=\"widget\" data-e-type=\"widget\" data-widget_type=\"call-to-action.default\">\n\t\t\t\t<div class=\"elementor-widget-container\">\n\t\t\t\t\t\t\t<a class=\"elementor-cta\" href=\"https:\/\/lestoilesdumatin.fr\/contact\/\">\n\t\t\t\t\t<div class=\"elementor-cta__bg-wrapper\">\n\t\t\t\t<div class=\"elementor-cta__bg elementor-bg\" style=\"background-image: url(https:\/\/lestoilesdumatin.fr\/wp-content\/uploads\/2019\/09\/brushes-3129361_1280-1024x683.jpg);\" role=\"img\" aria-label=\"brushes-3129361_1280\"><\/div>\n\t\t\t\t<div class=\"elementor-cta__bg-overlay\"><\/div>\n\t\t\t<\/div>\n\t\t\t\t\t\t\t<div class=\"elementor-cta__content\">\n\t\t\t\t\t\t\t\t\t<div class=\"elementor-content-item elementor-cta__content-item elementor-icon-wrapper elementor-cta__icon elementor-view-default elementor-animated-item--grow\">\n\t\t\t\t\t\t<div class=\"elementor-icon\">\n\t\t\t\t\t\t\t<i aria-hidden=\"true\" class=\"fas fa-paint-brush\"><\/i>\t\t\t\t\t\t<\/div>\n\t\t\t\t\t<\/div>\n\t\t\t\t\n\t\t\t\t\t\t\t\t\t<h2 class=\"elementor-cta__title elementor-cta__content-item elementor-content-item elementor-animated-item--grow\">\n\t\t\t\t\t\tSiete interessati?\t\t\t\t\t<\/h2>\n\t\t\t\t\n\t\t\t\t\t\t\t\t\t<div class=\"elementor-cta__description elementor-cta__content-item elementor-content-item elementor-animated-item--grow\">\n\t\t\t\t\t\t<p>Avete un progetto in mente? Oppure volete semplicemente acquistare un'opera che avete notato su questo sito?  <\/p>\n\t\t\t\t\t<\/div>\n\t\t\t\t\n\t\t\t\t\t\t\t\t\t<div class=\"elementor-cta__button-wrapper elementor-cta__content-item elementor-content-item elementor-animated-item--grow\">\n\t\t\t\t\t<span class=\"elementor-cta__button elementor-button elementor-size-\">\n\t\t\t\t\t\tContattatemi\t\t\t\t\t<\/span>\n\t\t\t\t\t<\/div>\n\t\t\t\t\t\t\t<\/div>\n\t\t\t\t\t\t<\/a>\n\t\t\t\t\t\t<\/div>\n\t\t\t\t<\/div>\n\t\t\t\t\t<\/div>\n\t\t<\/div>\n\t\t\t\t\t<\/div>\n\t\t<\/section>\n\t\t\t\t<\/div>\n\t\t","protected":false},"excerpt":{"rendered":"<p>Fresque (5m x 2,50m) Avete un progetto, gi\u00e0 elaborato in dettaglio oppure schizzato solo a grandi linee; in ogni caso, si tratta di un progetto di una certa ampiezza.&nbsp; Se siete una parrocchia, una comunit\u00e0 o un religioso: si tratta di una cappella da decorare? Volete decorare il retro del vostro altare con un&#8217;opera che [&hellip;]<\/p>\n","protected":false},"author":1,"featured_media":0,"parent":0,"menu_order":0,"comment_status":"closed","ping_status":"closed","template":"","meta":{"footnotes":""},"class_list":["post-3128","page","type-page","status-publish","hentry"],"yoast_head":"<!-- This site is optimized with the Yoast SEO plugin v27.5 - https:\/\/yoast.com\/product\/yoast-seo-wordpress\/ -->\n<title>Progetti su larga scala - Les Toiles du Matin<\/title>\n<meta name=\"robots\" content=\"index, follow, max-snippet:-1, max-image-preview:large, max-video-preview:-1\" \/>\n<link rel=\"canonical\" href=\"https:\/\/lestoilesdumatin.fr\/it\/progetto-su-larga-scala\/\" \/>\n<meta property=\"og:locale\" content=\"it_IT\" \/>\n<meta property=\"og:type\" content=\"article\" \/>\n<meta property=\"og:title\" content=\"Progetti su larga scala - Les Toiles du Matin\" \/>\n<meta property=\"og:description\" content=\"Fresque (5m x 2,50m) Avete un progetto, gi\u00e0 elaborato in dettaglio oppure schizzato solo a grandi linee; in ogni caso, si tratta di un progetto di una certa ampiezza.&nbsp; Se siete una parrocchia, una comunit\u00e0 o un religioso: si tratta di una cappella da decorare? Volete decorare il retro del vostro altare con un&#8217;opera che [&hellip;]\" \/>\n<meta property=\"og:url\" content=\"https:\/\/lestoilesdumatin.fr\/it\/progetto-su-larga-scala\/\" \/>\n<meta property=\"og:site_name\" content=\"Les Toiles du Matin\" \/>\n<meta property=\"article:modified_time\" content=\"2024-07-27T19:01:56+00:00\" \/>\n<meta property=\"og:image\" content=\"http:\/\/lestoilesdumatin.fr\/wp-content\/uploads\/2020\/09\/IMG_4141-1024x494.jpg\" \/>\n<meta name=\"twitter:card\" content=\"summary_large_image\" \/>\n<meta name=\"twitter:label1\" content=\"Tempo di lettura stimato\" \/>\n\t<meta name=\"twitter:data1\" content=\"2 minuti\" \/>\n<script type=\"application\/ld+json\" class=\"yoast-schema-graph\">{\"@context\":\"https:\\\/\\\/schema.org\",\"@graph\":[{\"@type\":\"WebPage\",\"@id\":\"https:\\\/\\\/lestoilesdumatin.fr\\\/it\\\/progetto-su-larga-scala\\\/\",\"url\":\"https:\\\/\\\/lestoilesdumatin.fr\\\/it\\\/progetto-su-larga-scala\\\/\",\"name\":\"Progetti su larga scala - Les Toiles du Matin\",\"isPartOf\":{\"@id\":\"https:\\\/\\\/lestoilesdumatin.fr\\\/#website\"},\"primaryImageOfPage\":{\"@id\":\"https:\\\/\\\/lestoilesdumatin.fr\\\/it\\\/progetto-su-larga-scala\\\/#primaryimage\"},\"image\":{\"@id\":\"https:\\\/\\\/lestoilesdumatin.fr\\\/it\\\/progetto-su-larga-scala\\\/#primaryimage\"},\"thumbnailUrl\":\"http:\\\/\\\/lestoilesdumatin.fr\\\/wp-content\\\/uploads\\\/2020\\\/09\\\/IMG_4141-1024x494.jpg\",\"datePublished\":\"2019-10-03T15:14:49+00:00\",\"dateModified\":\"2024-07-27T19:01:56+00:00\",\"breadcrumb\":{\"@id\":\"https:\\\/\\\/lestoilesdumatin.fr\\\/it\\\/progetto-su-larga-scala\\\/#breadcrumb\"},\"inLanguage\":\"it-IT\",\"potentialAction\":[{\"@type\":\"ReadAction\",\"target\":[\"https:\\\/\\\/lestoilesdumatin.fr\\\/it\\\/progetto-su-larga-scala\\\/\"]}]},{\"@type\":\"ImageObject\",\"inLanguage\":\"it-IT\",\"@id\":\"https:\\\/\\\/lestoilesdumatin.fr\\\/it\\\/progetto-su-larga-scala\\\/#primaryimage\",\"url\":\"http:\\\/\\\/lestoilesdumatin.fr\\\/wp-content\\\/uploads\\\/2020\\\/09\\\/IMG_4141-1024x494.jpg\",\"contentUrl\":\"http:\\\/\\\/lestoilesdumatin.fr\\\/wp-content\\\/uploads\\\/2020\\\/09\\\/IMG_4141-1024x494.jpg\"},{\"@type\":\"BreadcrumbList\",\"@id\":\"https:\\\/\\\/lestoilesdumatin.fr\\\/it\\\/progetto-su-larga-scala\\\/#breadcrumb\",\"itemListElement\":[{\"@type\":\"ListItem\",\"position\":1,\"name\":\"Home\",\"item\":\"https:\\\/\\\/lestoilesdumatin.fr\\\/it\\\/\"},{\"@type\":\"ListItem\",\"position\":2,\"name\":\"Progetti su larga scala\"}]},{\"@type\":\"WebSite\",\"@id\":\"https:\\\/\\\/lestoilesdumatin.fr\\\/#website\",\"url\":\"https:\\\/\\\/lestoilesdumatin.fr\\\/\",\"name\":\"Les Toiles du Matin\",\"description\":\"\",\"potentialAction\":[{\"@type\":\"SearchAction\",\"target\":{\"@type\":\"EntryPoint\",\"urlTemplate\":\"https:\\\/\\\/lestoilesdumatin.fr\\\/?s={search_term_string}\"},\"query-input\":{\"@type\":\"PropertyValueSpecification\",\"valueRequired\":true,\"valueName\":\"search_term_string\"}}],\"inLanguage\":\"it-IT\"}]}<\/script>\n<!-- \/ Yoast SEO plugin. -->","yoast_head_json":{"title":"Progetti su larga scala - Les Toiles du Matin","robots":{"index":"index","follow":"follow","max-snippet":"max-snippet:-1","max-image-preview":"max-image-preview:large","max-video-preview":"max-video-preview:-1"},"canonical":"https:\/\/lestoilesdumatin.fr\/it\/progetto-su-larga-scala\/","og_locale":"it_IT","og_type":"article","og_title":"Progetti su larga scala - Les Toiles du Matin","og_description":"Fresque (5m x 2,50m) Avete un progetto, gi\u00e0 elaborato in dettaglio oppure schizzato solo a grandi linee; in ogni caso, si tratta di un progetto di una certa ampiezza.&nbsp; Se siete una parrocchia, una comunit\u00e0 o un religioso: si tratta di una cappella da decorare? Volete decorare il retro del vostro altare con un&#8217;opera che [&hellip;]","og_url":"https:\/\/lestoilesdumatin.fr\/it\/progetto-su-larga-scala\/","og_site_name":"Les Toiles du Matin","article_modified_time":"2024-07-27T19:01:56+00:00","og_image":[{"url":"http:\/\/lestoilesdumatin.fr\/wp-content\/uploads\/2020\/09\/IMG_4141-1024x494.jpg","type":"","width":"","height":""}],"twitter_card":"summary_large_image","twitter_misc":{"Tempo di lettura stimato":"2 minuti"},"schema":{"@context":"https:\/\/schema.org","@graph":[{"@type":"WebPage","@id":"https:\/\/lestoilesdumatin.fr\/it\/progetto-su-larga-scala\/","url":"https:\/\/lestoilesdumatin.fr\/it\/progetto-su-larga-scala\/","name":"Progetti su larga scala - Les Toiles du Matin","isPartOf":{"@id":"https:\/\/lestoilesdumatin.fr\/#website"},"primaryImageOfPage":{"@id":"https:\/\/lestoilesdumatin.fr\/it\/progetto-su-larga-scala\/#primaryimage"},"image":{"@id":"https:\/\/lestoilesdumatin.fr\/it\/progetto-su-larga-scala\/#primaryimage"},"thumbnailUrl":"http:\/\/lestoilesdumatin.fr\/wp-content\/uploads\/2020\/09\/IMG_4141-1024x494.jpg","datePublished":"2019-10-03T15:14:49+00:00","dateModified":"2024-07-27T19:01:56+00:00","breadcrumb":{"@id":"https:\/\/lestoilesdumatin.fr\/it\/progetto-su-larga-scala\/#breadcrumb"},"inLanguage":"it-IT","potentialAction":[{"@type":"ReadAction","target":["https:\/\/lestoilesdumatin.fr\/it\/progetto-su-larga-scala\/"]}]},{"@type":"ImageObject","inLanguage":"it-IT","@id":"https:\/\/lestoilesdumatin.fr\/it\/progetto-su-larga-scala\/#primaryimage","url":"http:\/\/lestoilesdumatin.fr\/wp-content\/uploads\/2020\/09\/IMG_4141-1024x494.jpg","contentUrl":"http:\/\/lestoilesdumatin.fr\/wp-content\/uploads\/2020\/09\/IMG_4141-1024x494.jpg"},{"@type":"BreadcrumbList","@id":"https:\/\/lestoilesdumatin.fr\/it\/progetto-su-larga-scala\/#breadcrumb","itemListElement":[{"@type":"ListItem","position":1,"name":"Home","item":"https:\/\/lestoilesdumatin.fr\/it\/"},{"@type":"ListItem","position":2,"name":"Progetti su larga scala"}]},{"@type":"WebSite","@id":"https:\/\/lestoilesdumatin.fr\/#website","url":"https:\/\/lestoilesdumatin.fr\/","name":"Les Toiles du Matin","description":"","potentialAction":[{"@type":"SearchAction","target":{"@type":"EntryPoint","urlTemplate":"https:\/\/lestoilesdumatin.fr\/?s={search_term_string}"},"query-input":{"@type":"PropertyValueSpecification","valueRequired":true,"valueName":"search_term_string"}}],"inLanguage":"it-IT"}]}},"_links":{"self":[{"href":"https:\/\/lestoilesdumatin.fr\/it\/wp-json\/wp\/v2\/pages\/3128","targetHints":{"allow":["GET"]}}],"collection":[{"href":"https:\/\/lestoilesdumatin.fr\/it\/wp-json\/wp\/v2\/pages"}],"about":[{"href":"https:\/\/lestoilesdumatin.fr\/it\/wp-json\/wp\/v2\/types\/page"}],"author":[{"embeddable":true,"href":"https:\/\/lestoilesdumatin.fr\/it\/wp-json\/wp\/v2\/users\/1"}],"replies":[{"embeddable":true,"href":"https:\/\/lestoilesdumatin.fr\/it\/wp-json\/wp\/v2\/comments?post=3128"}],"version-history":[{"count":0,"href":"https:\/\/lestoilesdumatin.fr\/it\/wp-json\/wp\/v2\/pages\/3128\/revisions"}],"wp:attachment":[{"href":"https:\/\/lestoilesdumatin.fr\/it\/wp-json\/wp\/v2\/media?parent=3128"}],"curies":[{"name":"wp","href":"https:\/\/api.w.org\/{rel}","templated":true}]}}